{"id":13,"date":"2023-03-03T01:56:44","date_gmt":"2023-03-03T01:56:44","guid":{"rendered":"https:\/\/cfp1misiones.edu.ar\/?page_id=13"},"modified":"2023-10-10T09:56:05","modified_gmt":"2023-10-10T09:56:05","slug":"institucional","status":"publish","type":"page","link":"https:\/\/cfp1misiones.edu.ar\/index.php\/institucional\/","title":{"rendered":"Institucional"},"content":{"rendered":"\t\t<div data-elementor-type=\"wp-page\" data-elementor-id=\"13\" class=\"elementor elementor-13\">\n\t\t\t\t<div class=\"elementor-element elementor-element-65ae9e1b e-flex e-con-boxed e-con e-parent\" data-id=\"65ae9e1b\" data-element_type=\"container\">\n\t\t\t\t\t<div class=\"e-con-inner\">\n\t\t\t\t<div class=\"elementor-element elementor-element-251a9612 elementor-widget elementor-widget-text-editor\" data-id=\"251a9612\" data-element_type=\"widget\" data-widget_type=\"text-editor.default\">\n\t\t\t\t<div class=\"elementor-widget-container\">\n\t\t\t\t\t\t\t\t\t\n<p><strong>RESE\u00d1A HIST\u00d3RICA<\/strong><\/p>\n\n\n\n<p><\/p>\n\n\n\n<p>La instituci\u00f3n fue establecida el 11 de mayo de 1978 en la Provincia, mediante la resoluci\u00f3n N\u00ba 870 del Consejo Nacional de Educaci\u00f3n T\u00e9cnica. Inicialmente, ten\u00eda su sede en Col\u00f3n y la Av. Roque P\u00e9rez, y su objetivo era preparar a los j\u00f3venes y adultos para ingresar al mercado laboral, lo cual gener\u00f3 un impacto significativo en la sociedad.<\/p>\n\n\n\n<p>Posteriormente, la instituci\u00f3n se traslad\u00f3 a un nuevo local ubicado en la Av. Lavalle y Ruta 12. Esta mudanza ampli\u00f3 a\u00fan m\u00e1s sus perspectivas, permiti\u00e9ndole colaborar con organismos nacionales y provinciales. Adem\u00e1s, comenz\u00f3 a ofrecer cursos en diferentes lugares de la ciudad, adem\u00e1s de los que se impart\u00edan en el local principal, abarcando diversas especialidades de corta duraci\u00f3n.<\/p>\n\n\n\n<p>En 1993, el Centro de Formaci\u00f3n Profesional N\u00ba 1 pas\u00f3 a formar parte de la Gesti\u00f3n del Consejo General de Educaci\u00f3n de la Provincia, mediante la Resoluci\u00f3n N\u00ba 640\/93 de Transferencia.<\/p>\n\n\n\n<p>En la actualidad, la instituci\u00f3n opera en el turno noche dentro de las instalaciones de la E.P.E.T. N\u00ba 1, que se encuentra en Avenida Lavalle 1947.<\/p>\n\n\n\n<p><\/p>\n\n\n\n<p><strong>VISI\u00d3N<\/strong><\/p>\n\n\n\n<p><\/p>\n\n\n\n<p>Nuestra visi\u00f3n es ser reconocidos como el Centro de Formaci\u00f3n Profesional N\u00ba 1 en el \u00e1mbito de la tecnolog\u00eda, respondiendo a las necesidades de capacitaci\u00f3n surgidas en el sector socio-productivo. Queremos ser una instituci\u00f3n que brinde a j\u00f3venes y adultos las herramientas necesarias para mejorar su empleabilidad y adaptarse a un mercado laboral en constante evoluci\u00f3n.<\/p>\n\n\n\n<p><\/p>\n\n\n\n<p><strong>MISI\u00d3N<\/strong><\/p>\n\n\n\n<p><\/p>\n\n\n\n<p>Establecer y desarrollar un centro de formaci\u00f3n profesional pertinente y de alta calidad, en l\u00ednea con las demandas reales del sector productivo y del mundo laboral. Nos comprometemos a ofrecer programas de formaci\u00f3n que respondan a las necesidades actuales y futuras del mercado, permitiendo a nuestra instituci\u00f3n destacarse como un referente en la educaci\u00f3n y formaci\u00f3n profesional.<\/p>\n\n\n\n<p><\/p>\n\n\n\n<p><strong>FUNDAMENTOS DE FORMACI\u00d3N PROFESIONAL<\/strong><\/p>\n\n\n\n<p>Esta Propuesta de Formaci\u00f3n Educativa, pretende ofrecer una nueva alternativa superadora que permita dar un salto cualitativo. Se pretende desarrollar una Educaci\u00f3n de calidad que brinde saberes relevantes, actualizados y vinculados a la producci\u00f3n de conocimiento cient\u00edfico y tecnol\u00f3gico. Con esta Propuesta, se busca integrar la Pr\u00e1ctica, la Teor\u00eda y las Acciones. A trav\u00e9s de la Pr\u00e1ctica, buscar la posibilidad de conectarse con la realidad. Desde la Teor\u00eda, propuestas para que los alumnos se apropien del campo conceptual. Y por medio de las Acciones se proporciona la producci\u00f3n de respuestas alternativas para comprender y transformar su realidad. Se destaca la importancia de Formaci\u00f3n Profesional ya que le permitir\u00e1 insertarse en una actividad laboral orientada hacia una profesi\u00f3n.<\/p>\n\n\n\n<p><\/p>\n\n\n\n<p><strong>Red Nacional Aulas Talleres M\u00f3viles<\/strong><\/p>\n\n\n\n<p>La Red Nacional Aulas Talleres M\u00f3viles se crea mediante la Resoluci\u00f3n 176\/12 del Consejo Federal de Educaci\u00f3n, con el objeto principal de ampliar y facilitar el acceso a la Formaci\u00f3n Profesional y al desarrollo de habilidades en oficios y formaci\u00f3n tecnol\u00f3gica de adolescentes, j\u00f3venes y adultos.<\/p>\n\n\n\n<p>El Centro de Formaci\u00f3n Profesional N\u00b0 1 &#8220;Don Norberto Conti&#8221; cuenta actualmente con seis (6) ATM de las especialidades Agropecuaria, Gastronom\u00eda, Energias Renovables, Refrigeraci\u00f3n, Instalaciones Domiciliarias y Automotores.<\/p>\n\n\n\n<p>Gracias al apoyo del Ministerio de Educaci\u00f3n de la Provincia de Misiones, a trav\u00e9s de la Subsecretar\u00eda de Educaci\u00f3n T\u00e9cnica y con aportes del Instituto Nacional de Educaci\u00f3n Tecnol\u00f3gica, las distintas ATMs recorren la provincia acercando la formaci\u00f3n profesional a cada rincon de la tierra colorada.<\/p>\n\t\t\t\t\t\t\t\t<\/div>\n\t\t\t\t<\/div>\n\t\t\t\t\t<\/div>\n\t\t\t\t<\/div>\n\t\t\t\t<\/div>\n\t\t","protected":false},"excerpt":{"rendered":"<p>RESE\u00d1A HIST\u00d3RICA La instituci\u00f3n fue establecida el 11 de mayo de 1978 en la Provincia, mediante la resoluci\u00f3n N\u00ba 870 del Consejo Nacional de Educaci\u00f3n T\u00e9cnica. Inicialmente, ten\u00eda su sede en Col\u00f3n y la Av. Roque P\u00e9rez, y su objetivo era preparar a los j\u00f3venes y adultos para ingresar al mercado laboral, lo cual gener\u00f3 un impacto significativo en la [&hellip;]<\/p>\n","protected":false},"author":1,"featured_media":303,"parent":0,"menu_order":0,"comment_status":"closed","ping_status":"closed","template":"elementor_header_footer","meta":{"_themeisle_gutenberg_block_has_review":false,"footnotes":""},"class_list":["post-13","page","type-page","status-publish","has-post-thumbnail","hentry"],"_links":{"self":[{"href":"https:\/\/cfp1misiones.edu.ar\/index.php\/wp-json\/wp\/v2\/pages\/13","targetHints":{"allow":["GET"]}}],"collection":[{"href":"https:\/\/cfp1misiones.edu.ar\/index.php\/wp-json\/wp\/v2\/pages"}],"about":[{"href":"https:\/\/cfp1misiones.edu.ar\/index.php\/wp-json\/wp\/v2\/types\/page"}],"author":[{"embeddable":true,"href":"https:\/\/cfp1misiones.edu.ar\/index.php\/wp-json\/wp\/v2\/users\/1"}],"replies":[{"embeddable":true,"href":"https:\/\/cfp1misiones.edu.ar\/index.php\/wp-json\/wp\/v2\/comments?post=13"}],"version-history":[{"count":8,"href":"https:\/\/cfp1misiones.edu.ar\/index.php\/wp-json\/wp\/v2\/pages\/13\/revisions"}],"predecessor-version":[{"id":316,"href":"https:\/\/cfp1misiones.edu.ar\/index.php\/wp-json\/wp\/v2\/pages\/13\/revisions\/316"}],"wp:featuredmedia":[{"embeddable":true,"href":"https:\/\/cfp1misiones.edu.ar\/index.php\/wp-json\/wp\/v2\/media\/303"}],"wp:attachment":[{"href":"https:\/\/cfp1misiones.edu.ar\/index.php\/wp-json\/wp\/v2\/media?parent=13"}],"curies":[{"name":"wp","href":"https:\/\/api.w.org\/{rel}","templated":true}]}}